{"version":"1.0","provider_name":"IAM Independent Asset Management","provider_url":"https:\/\/www.iam.ch\/en\/","title":"IAM Cycling - Amstel Gold Race - les engag\u00e9s - IAM Independent Asset Management","type":"rich","width":600,"height":338,"html":"<blockquote class=\"wp-embedded-content\" data-secret=\"kpBmnP5MSD\"><a href=\"https:\/\/www.iam.ch\/en\/sponsoring\/iamcycling\/allnews\/iam-cycling-amstel-gold-race-les-engag%c3%a9s\/\">IAM Cycling &#8211; Amstel Gold Race &#8211; les engag\u00e9s<\/a><\/blockquote><iframe sandbox=\"allow-scripts\" security=\"restricted\" src=\"https:\/\/www.iam.ch\/en\/sponsoring\/iamcycling\/allnews\/iam-cycling-amstel-gold-race-les-engag%c3%a9s\/embed\/#?secret=kpBmnP5MSD\" width=\"600\" height=\"338\" title=\"&#8220;IAM Cycling &#8211; Amstel Gold Race &#8211; les engag\u00e9s&#8221; &#8212; IAM Independent Asset Management\" data-secret=\"kpBmnP5MSD\" frameborder=\"0\" marginwidth=\"0\" marginheight=\"0\" scrolling=\"no\" class=\"wp-embedded-content\"><\/iframe><script type=\"text\/javascript\">\n\/* <![CDATA[ *\/\n\/*! This file is auto-generated *\/\n!function(d,l){\"use strict\";l.querySelector&&d.addEventListener&&\"undefined\"!=typeof URL&&(d.wp=d.wp||{},d.wp.receiveEmbedMessage||(d.wp.receiveEmbedMessage=function(e){var t=e.data;if((t||t.secret||t.message||t.value)&&!\/[^a-zA-Z0-9]\/.test(t.secret)){for(var s,r,n,a=l.querySelectorAll('iframe[data-secret=\"'+t.secret+'\"]'),o=l.querySelectorAll('blockquote[data-secret=\"'+t.secret+'\"]'),c=new RegExp(\"^https?:$\",\"i\"),i=0;i<o.length;i++)o[i].style.display=\"none\";for(i=0;i<a.length;i++)s=a[i],e.source===s.contentWindow&&(s.removeAttribute(\"style\"),\"height\"===t.message?(1e3<(r=parseInt(t.value,10))?r=1e3:~~r<200&&(r=200),s.height=r):\"link\"===t.message&&(r=new URL(s.getAttribute(\"src\")),n=new URL(t.value),c.test(n.protocol))&&n.host===r.host&&l.activeElement===s&&(d.top.location.href=t.value))}},d.addEventListener(\"message\",d.wp.receiveEmbedMessage,!1),l.addEventListener(\"DOMContentLoaded\",function(){for(var e,t,s=l.querySelectorAll(\"iframe.wp-embedded-content\"),r=0;r<s.length;r++)(t=(e=s[r]).getAttribute(\"data-secret\"))||(t=Math.random().toString(36).substring(2,12),e.src+=\"#?secret=\"+t,e.setAttribute(\"data-secret\",t)),e.contentWindow.postMessage({message:\"ready\",secret:t},\"*\")},!1)))}(window,document);\n\/\/# sourceURL=https:\/\/www.iam.ch\/wp-includes\/js\/wp-embed.min.js\n\/* ]]> *\/\n<\/script>\n","thumbnail_url":"https:\/\/www.iam.ch\/wp-content\/uploads\/2017\/03\/IAMcycling_65_Thomas_Lofkvist_AMSTEL.jpg","thumbnail_width":2000,"thumbnail_height":1333,"description":"Avec Paris-Roubaix, une premi\u00e8re phase des classiques s\u0092est termin\u00e9e dimanche dernier.\u00a0Ce qui ne veut pas dire que la saison est termin\u00e9e. Une seconde d\u00e9bute avec l\u0092Amstel Gold Race pr\u00e9vue en terre n\u00e9erlandaise le 14 avril. Invit\u00e9e \u00e0 partager le menu des dix-huit formations disposant du label World Tour, IAM Cycling entend faire honneur \u00e0 la [&hellip;]"}